{"id":1806,"date":"2023-03-21T11:53:17","date_gmt":"2023-03-21T10:53:17","guid":{"rendered":"https:\/\/caravanstalling-spanje.com\/alquiler\/"},"modified":"2023-11-16T13:34:08","modified_gmt":"2023-11-16T12:34:08","slug":"alquiler","status":"publish","type":"page","link":"https:\/\/caravanstalling-spanje.com\/es\/alquiler\/","title":{"rendered":"Alquiler"},"content":{"rendered":"\t\t<div data-elementor-type=\"wp-page\" data-elementor-id=\"1806\" class=\"elementor elementor-1806 elementor-34\" data-elementor-post-type=\"page\">\n\t\t\t\t<div class=\"elementor-element elementor-element-79aab6b e-con-full e-flex e-con e-parent\" data-id=\"79aab6b\" data-element_type=\"container\" data-e-type=\"container\">\n\t\t<div class=\"elementor-element elementor-element-22f4d77 e-flex e-con-boxed e-con e-child\" data-id=\"22f4d77\" data-element_type=\"container\" data-e-type=\"container\" data-settings=\"{&quot;background_background&quot;:&quot;classic&quot;}\">\n\t\t\t\t\t<div class=\"e-con-inner\">\n\t\t<div class=\"elementor-element elementor-element-ba0edbc e-flex e-con-boxed e-con e-child\" data-id=\"ba0edbc\" data-element_type=\"container\" data-e-type=\"container\">\n\t\t\t\t\t<div class=\"e-con-inner\">\n\t\t\t\t<div class=\"elementor-element elementor-element-8103983 elementor-widget elementor-widget-heading\" data-id=\"8103983\" data-element_type=\"widget\" data-e-type=\"widget\" data-widget_type=\"heading.default\">\n\t\t\t\t<div class=\"elementor-widget-container\">\n\t\t\t\t\t<h1 class=\"elementor-heading-title elementor-size-default\">Alquiler<\/h1>\t\t\t\t<\/div>\n\t\t\t\t<\/div>\n\t\t\t\t<div class=\"elementor-element elementor-element-d89eb7c elementor-widget elementor-widget-shortcode\" data-id=\"d89eb7c\" data-element_type=\"widget\" data-e-type=\"widget\" data-widget_type=\"shortcode.default\">\n\t\t\t\t<div class=\"elementor-widget-container\">\n\t\t\t\t\t\t\t<div class=\"elementor-shortcode\"><nav aria-label=\"breadcrumbs\" class=\"rank-math-breadcrumb\"><p><span class=\"last\">Home<\/span><\/p><\/nav><\/div>\n\t\t\t\t\t\t<\/div>\n\t\t\t\t<\/div>\n\t\t\t\t\t<\/div>\n\t\t\t\t<\/div>\n\t\t\t\t\t<\/div>\n\t\t\t\t<\/div>\n\t\t\t\t<\/div>\n\t\t\t\t<section class=\"elementor-section elementor-top-section elementor-element elementor-element-136d108 elementor-hidden-tablet elementor-hidden-mobile elementor-section-boxed elementor-section-height-default elementor-section-height-default\" data-id=\"136d108\" data-element_type=\"section\" data-e-type=\"section\" data-settings=\"{&quot;background_background&quot;:&quot;classic&quot;}\">\n\t\t\t\t\t\t<div class=\"elementor-container elementor-column-gap-default\">\n\t\t\t\t\t<div class=\"elementor-column elementor-col-100 elementor-top-column elementor-element elementor-element-08e75c2\" data-id=\"08e75c2\" data-element_type=\"column\" data-e-type=\"column\">\n\t\t\t<div class=\"elementor-widget-wrap elementor-element-populated\">\n\t\t\t\t\t\t<div class=\"elementor-element elementor-element-95dd7d1 elementor-widget elementor-widget-heading\" data-id=\"95dd7d1\" data-element_type=\"widget\" data-e-type=\"widget\" data-widget_type=\"heading.default\">\n\t\t\t\t<div class=\"elementor-widget-container\">\n\t\t\t\t\t<h2 class=\"elementor-heading-title elementor-size-default\">\u00bfQu\u00e9 puede alquilar con nosotros?<\/h2>\t\t\t\t<\/div>\n\t\t\t\t<\/div>\n\t\t\t\t\t<\/div>\n\t\t<\/div>\n\t\t\t\t\t<\/div>\n\t\t<\/section>\n\t\t\t\t<section class=\"elementor-section elementor-top-section elementor-element elementor-element-320e5a5 elementor-hidden-tablet elementor-hidden-mobile elementor-section-boxed elementor-section-height-default elementor-section-height-default\" data-id=\"320e5a5\" data-element_type=\"section\" data-e-type=\"section\" data-settings=\"{&quot;background_background&quot;:&quot;classic&quot;}\">\n\t\t\t\t\t\t<div class=\"elementor-container elementor-column-gap-default\">\n\t\t\t\t\t<div class=\"elementor-column elementor-col-33 elementor-top-column elementor-element elementor-element-3dcd7ae\" data-id=\"3dcd7ae\" data-element_type=\"column\" data-e-type=\"column\" data-settings=\"{&quot;background_background&quot;:&quot;classic&quot;}\">\n\t\t\t<div class=\"elementor-widget-wrap elementor-element-populated\">\n\t\t\t\t\t\t<div class=\"elementor-element elementor-element-2a0b124 elementor-widget elementor-widget-image-box\" data-id=\"2a0b124\" data-element_type=\"widget\" data-e-type=\"widget\" data-widget_type=\"image-box.default\">\n\t\t\t\t<div class=\"elementor-widget-container\">\n\t\t\t\t\t<div class=\"elementor-image-box-wrapper\"><div class=\"elementor-image-box-content\"><h3 class=\"elementor-image-box-title\"><a href=\"#ciclismo\">Ciclismo<\/a><\/h3><p class=\"elementor-image-box-description\">Descubra Catalu\u00f1a con uno de los veh\u00edculos de dos ruedas de Caravan Storage Spain<\/p><\/div><\/div>\t\t\t\t<\/div>\n\t\t\t\t<\/div>\n\t\t\t\t\t<\/div>\n\t\t<\/div>\n\t\t\t\t<div class=\"elementor-column elementor-col-33 elementor-top-column elementor-element elementor-element-e9adc3f\" data-id=\"e9adc3f\" data-element_type=\"column\" data-e-type=\"column\" data-settings=\"{&quot;background_background&quot;:&quot;classic&quot;}\">\n\t\t\t<div class=\"elementor-widget-wrap elementor-element-populated\">\n\t\t\t\t\t\t<div class=\"elementor-element elementor-element-cbd14a1 elementor-widget elementor-widget-image-box\" data-id=\"cbd14a1\" data-element_type=\"widget\" data-e-type=\"widget\" data-widget_type=\"image-box.default\">\n\t\t\t\t<div class=\"elementor-widget-container\">\n\t\t\t\t\t<div class=\"elementor-image-box-wrapper\"><div class=\"elementor-image-box-content\"><h3 class=\"elementor-image-box-title\"><a href=\"#refrigerador\">Frigor\u00edficos<\/a><\/h3><p class=\"elementor-image-box-description\">Para refrescarse durante sus vacaciones en la Costa Brava<\/p><\/div><\/div>\t\t\t\t<\/div>\n\t\t\t\t<\/div>\n\t\t\t\t\t<\/div>\n\t\t<\/div>\n\t\t\t\t<div class=\"elementor-column elementor-col-33 elementor-top-column elementor-element elementor-element-9a46137\" data-id=\"9a46137\" data-element_type=\"column\" data-e-type=\"column\" data-settings=\"{&quot;background_background&quot;:&quot;classic&quot;}\">\n\t\t\t<div class=\"elementor-widget-wrap elementor-element-populated\">\n\t\t\t\t\t\t<div class=\"elementor-element elementor-element-f90ae15 elementor-widget elementor-widget-image-box\" data-id=\"f90ae15\" data-element_type=\"widget\" data-e-type=\"widget\" data-widget_type=\"image-box.default\">\n\t\t\t\t<div class=\"elementor-widget-container\">\n\t\t\t\t\t<div class=\"elementor-image-box-wrapper\"><div class=\"elementor-image-box-content\"><h3 class=\"elementor-image-box-title\"><a href=\"#airco\">Aire acondicionado<\/a><\/h3><p class=\"elementor-image-box-description\">Para respirar aire fresco durante su estancia con las altas temperaturas espa\u00f1olas<\/p><\/div><\/div>\t\t\t\t<\/div>\n\t\t\t\t<\/div>\n\t\t\t\t\t<\/div>\n\t\t<\/div>\n\t\t\t\t\t<\/div>\n\t\t<\/section>\n\t\t\t\t<section class=\"elementor-section elementor-top-section elementor-element elementor-element-43cd7a9 elementor-section-boxed elementor-section-height-default elementor-section-height-default\" data-id=\"43cd7a9\" data-element_type=\"section\" data-e-type=\"section\" id=\"fietsen\" data-settings=\"{&quot;background_background&quot;:&quot;classic&quot;}\">\n\t\t\t\t\t\t<div class=\"elementor-container elementor-column-gap-wider\">\n\t\t\t\t\t<div class=\"elementor-column elementor-col-50 elementor-top-column elementor-element elementor-element-748391c\" data-id=\"748391c\" data-element_type=\"column\" data-e-type=\"column\">\n\t\t\t<div class=\"elementor-widget-wrap elementor-element-populated\">\n\t\t\t\t\t\t<div class=\"elementor-element elementor-element-9f567d5 elementor-widget elementor-widget-heading\" data-id=\"9f567d5\" data-element_type=\"widget\" data-e-type=\"widget\" data-widget_type=\"heading.default\">\n\t\t\t\t<div class=\"elementor-widget-container\">\n\t\t\t\t\t<h3 class=\"elementor-heading-title elementor-size-default\">Alquiler de bicicletas Costa Brava<\/h3>\t\t\t\t<\/div>\n\t\t\t\t<\/div>\n\t\t\t\t<div class=\"elementor-element elementor-element-6e1ebd0 elementor-widget elementor-widget-text-editor\" data-id=\"6e1ebd0\" data-element_type=\"widget\" data-e-type=\"widget\" data-widget_type=\"text-editor.default\">\n\t\t\t\t<div class=\"elementor-widget-container\">\n\t\t\t\t\t\t\t\t\t<div class=\"et_pb_module et_pb_text et_pb_text_1 et_pb_text_align_left et_pb_bg_layout_light\">\n<div class=\"et_pb_text_inner\">\n<div class=\"et_pb_module et_pb_text et_pb_text_10 et_pb_text_align_left et_pb_bg_layout_light\">\n<div class=\"et_pb_text_inner\">\n<p>Si busca una forma divertida y activa de explorar la Costa Brava, alquilar una bicicleta merece la pena. Con el viento en el pelo y el sol en la cara, podr\u00e1 explorar a su ritmo la hermosa costa y el interior de esta popular regi\u00f3n de vacaciones.<\/p>\n<p>A la hora de alquilar una bicicleta en la Costa Brava, existen varias opciones; As\u00ed, puede elegir una bicicleta urbana para explorar los bonitos pueblos y ciudades, o una bicicleta de monta\u00f1a si prefiere la naturaleza. <\/p>\n<p>\u00bfReservar directamente? Rellene <span style=\"text-decoration: underline; color: #ffffff;\"><a style=\"color: #ffffff; text-decoration: underline;\" href=\"https:\/\/caravanstalling-spanje.com\/es\/contacto\/\">el formulario<\/a><\/span> y nos pondremos en contacto con usted lo antes posible.<\/p>\n<\/div>\n<\/div>\n<\/div>\n<\/div>\n\t\t\t\t\t\t\t\t<\/div>\n\t\t\t\t<\/div>\n\t\t\t\t\t<\/div>\n\t\t<\/div>\n\t\t\t\t<div class=\"elementor-column elementor-col-50 elementor-top-column elementor-element elementor-element-2fe4bfb\" data-id=\"2fe4bfb\" data-element_type=\"column\" data-e-type=\"column\">\n\t\t\t<div class=\"elementor-widget-wrap elementor-element-populated\">\n\t\t\t\t\t\t<div class=\"elementor-element elementor-element-1f4346b elementor-widget elementor-widget-image\" data-id=\"1f4346b\" data-element_type=\"widget\" data-e-type=\"widget\" data-widget_type=\"image.default\">\n\t\t\t\t<div class=\"elementor-widget-container\">\n\t\t\t\t\t\t\t\t\t\t\t\t\t\t\t<img fetchpriority=\"high\" decoding=\"async\" width=\"800\" height=\"600\" src=\"https:\/\/caravanstalling-spanje.com\/wp-content\/uploads\/2023\/04\/WhatsApp-Image-2023-04-26-at-23.14.34-1024x768.jpeg\" class=\"attachment-large size-large wp-image-1968\" alt=\"\" srcset=\"https:\/\/caravanstalling-spanje.com\/wp-content\/uploads\/2023\/04\/WhatsApp-Image-2023-04-26-at-23.14.34-1024x768.jpeg 1024w, https:\/\/caravanstalling-spanje.com\/wp-content\/uploads\/2023\/04\/WhatsApp-Image-2023-04-26-at-23.14.34-600x450.jpeg 600w, https:\/\/caravanstalling-spanje.com\/wp-content\/uploads\/2023\/04\/WhatsApp-Image-2023-04-26-at-23.14.34-300x225.jpeg 300w, https:\/\/caravanstalling-spanje.com\/wp-content\/uploads\/2023\/04\/WhatsApp-Image-2023-04-26-at-23.14.34-768x576.jpeg 768w, https:\/\/caravanstalling-spanje.com\/wp-content\/uploads\/2023\/04\/WhatsApp-Image-2023-04-26-at-23.14.34-1536x1152.jpeg 1536w, https:\/\/caravanstalling-spanje.com\/wp-content\/uploads\/2023\/04\/WhatsApp-Image-2023-04-26-at-23.14.34.jpeg 1600w\" sizes=\"(max-width: 800px) 100vw, 800px\" \/>\t\t\t\t\t\t\t\t\t\t\t\t\t\t\t<\/div>\n\t\t\t\t<\/div>\n\t\t\t\t\t<\/div>\n\t\t<\/div>\n\t\t\t\t\t<\/div>\n\t\t<\/section>\n\t\t\t\t<section class=\"elementor-section elementor-top-section elementor-element elementor-element-089b549 elementor-section-boxed elementor-section-height-default elementor-section-height-default\" data-id=\"089b549\" data-element_type=\"section\" data-e-type=\"section\" id=\"koelkast\" data-settings=\"{&quot;background_background&quot;:&quot;classic&quot;}\">\n\t\t\t\t\t\t<div class=\"elementor-container elementor-column-gap-wider\">\n\t\t\t\t\t<div class=\"elementor-column elementor-col-50 elementor-top-column elementor-element elementor-element-51d5b20 elementor-hidden-tablet elementor-hidden-mobile\" data-id=\"51d5b20\" data-element_type=\"column\" data-e-type=\"column\">\n\t\t\t<div class=\"elementor-widget-wrap elementor-element-populated\">\n\t\t\t\t\t\t<div class=\"elementor-element elementor-element-8a4fc1a elementor-widget elementor-widget-image\" data-id=\"8a4fc1a\" data-element_type=\"widget\" data-e-type=\"widget\" data-widget_type=\"image.default\">\n\t\t\t\t<div class=\"elementor-widget-container\">\n\t\t\t\t\t\t\t\t\t\t\t\t\t\t\t<img decoding=\"async\" width=\"371\" height=\"495\" src=\"https:\/\/caravanstalling-spanje.com\/wp-content\/uploads\/2023\/04\/WhatsApp_Image_2023-04-23_at_08.03.02-removebg-preview.png\" class=\"attachment-large size-large wp-image-1975\" alt=\"\" srcset=\"https:\/\/caravanstalling-spanje.com\/wp-content\/uploads\/2023\/04\/WhatsApp_Image_2023-04-23_at_08.03.02-removebg-preview.png 371w, https:\/\/caravanstalling-spanje.com\/wp-content\/uploads\/2023\/04\/WhatsApp_Image_2023-04-23_at_08.03.02-removebg-preview-225x300.png 225w\" sizes=\"(max-width: 371px) 100vw, 371px\" \/>\t\t\t\t\t\t\t\t\t\t\t\t\t\t\t<\/div>\n\t\t\t\t<\/div>\n\t\t\t\t\t<\/div>\n\t\t<\/div>\n\t\t\t\t<div class=\"elementor-column elementor-col-50 elementor-top-column elementor-element elementor-element-0b96318\" data-id=\"0b96318\" data-element_type=\"column\" data-e-type=\"column\">\n\t\t\t<div class=\"elementor-widget-wrap elementor-element-populated\">\n\t\t\t\t\t\t<div class=\"elementor-element elementor-element-5be642b elementor-widget elementor-widget-heading\" data-id=\"5be642b\" data-element_type=\"widget\" data-e-type=\"widget\" data-widget_type=\"heading.default\">\n\t\t\t\t<div class=\"elementor-widget-container\">\n\t\t\t\t\t<h3 class=\"elementor-heading-title elementor-size-default\">Alquiler frigorifico Costa Brava<\/h3>\t\t\t\t<\/div>\n\t\t\t\t<\/div>\n\t\t\t\t<div class=\"elementor-element elementor-element-0d1bdab elementor-widget elementor-widget-text-editor\" data-id=\"0d1bdab\" data-element_type=\"widget\" data-e-type=\"widget\" data-widget_type=\"text-editor.default\">\n\t\t\t\t<div class=\"elementor-widget-container\">\n\t\t\t\t\t\t\t\t\t<div class=\"et_pb_module et_pb_text et_pb_text_1 et_pb_text_align_left et_pb_bg_layout_light\">\n<div class=\"et_pb_text_inner\">\n<div class=\"et_pb_module et_pb_text et_pb_text_10 et_pb_text_align_left et_pb_bg_layout_light\">\n<div class=\"et_pb_text_inner\">\n<p>\u00bfPiensa viajar a la Costa Brava y necesita una nevera para su estancia? Entonces considere la posibilidad de alquilar una nevera en una de las muchas empresas de alquiler de la regi\u00f3n. Al alquilar un frigor\u00edfico en lugar de comprarlo, ahorrar\u00e1 dinero y no tendr\u00e1 que preocuparse de transportar un frigor\u00edfico grande y pesado desde casa hasta su destino de vacaciones.<\/p>\n<p>Alquilar una nevera en la Costa Brava tambi\u00e9n es una opci\u00f3n ecol\u00f3gica. En lugar de comprar un frigor\u00edfico nuevo que quiz\u00e1 no necesite, puede alquilar uno usado que a\u00fan est\u00e9 en excelentes condiciones. Esto no s\u00f3lo ahorra materias primas y energ\u00eda, sino que tambi\u00e9n reduce la cantidad de residuos generados.<\/p>\n<p>Rellene <span style=\"text-decoration: underline; color: #ffffff;\"><a style=\"color: #ffffff; text-decoration: underline;\" href=\"https:\/\/caravanstalling-spanje.com\/es\/contacto\/\">el formulario<\/a><\/span> si desea alquilar una nevera y nos pondremos en contacto con usted lo antes posible.<\/p>\n<\/div>\n<\/div>\n<\/div>\n<\/div>\n\t\t\t\t\t\t\t\t<\/div>\n\t\t\t\t<\/div>\n\t\t\t\t<div class=\"elementor-element elementor-element-54fee08 elementor-hidden-desktop elementor-widget elementor-widget-image\" data-id=\"54fee08\" data-element_type=\"widget\" data-e-type=\"widget\" data-widget_type=\"image.default\">\n\t\t\t\t<div class=\"elementor-widget-container\">\n\t\t\t\t\t\t\t\t\t\t\t\t\t\t\t<img decoding=\"async\" width=\"371\" height=\"495\" src=\"https:\/\/caravanstalling-spanje.com\/wp-content\/uploads\/2023\/04\/WhatsApp_Image_2023-04-23_at_08.03.02-removebg-preview.png\" class=\"attachment-large size-large wp-image-1975\" alt=\"\" srcset=\"https:\/\/caravanstalling-spanje.com\/wp-content\/uploads\/2023\/04\/WhatsApp_Image_2023-04-23_at_08.03.02-removebg-preview.png 371w, https:\/\/caravanstalling-spanje.com\/wp-content\/uploads\/2023\/04\/WhatsApp_Image_2023-04-23_at_08.03.02-removebg-preview-225x300.png 225w\" sizes=\"(max-width: 371px) 100vw, 371px\" \/>\t\t\t\t\t\t\t\t\t\t\t\t\t\t\t<\/div>\n\t\t\t\t<\/div>\n\t\t\t\t\t<\/div>\n\t\t<\/div>\n\t\t\t\t\t<\/div>\n\t\t<\/section>\n\t\t\t\t<section class=\"elementor-section elementor-top-section elementor-element elementor-element-aaaf63a elementor-section-boxed elementor-section-height-default elementor-section-height-default\" data-id=\"aaaf63a\" data-element_type=\"section\" data-e-type=\"section\" id=\"airco\" data-settings=\"{&quot;background_background&quot;:&quot;classic&quot;}\">\n\t\t\t\t\t\t<div class=\"elementor-container elementor-column-gap-wider\">\n\t\t\t\t\t<div class=\"elementor-column elementor-col-50 elementor-top-column elementor-element elementor-element-140118d\" data-id=\"140118d\" data-element_type=\"column\" data-e-type=\"column\">\n\t\t\t<div class=\"elementor-widget-wrap elementor-element-populated\">\n\t\t\t\t\t\t<div class=\"elementor-element elementor-element-de1416c elementor-widget elementor-widget-heading\" data-id=\"de1416c\" data-element_type=\"widget\" data-e-type=\"widget\" data-widget_type=\"heading.default\">\n\t\t\t\t<div class=\"elementor-widget-container\">\n\t\t\t\t\t<h3 class=\"elementor-heading-title elementor-size-default\">Alquiler aire acondicionado Costa Brava<\/h3>\t\t\t\t<\/div>\n\t\t\t\t<\/div>\n\t\t\t\t<div class=\"elementor-element elementor-element-3adc53e elementor-widget elementor-widget-text-editor\" data-id=\"3adc53e\" data-element_type=\"widget\" data-e-type=\"widget\" data-widget_type=\"text-editor.default\">\n\t\t\t\t<div class=\"elementor-widget-container\">\n\t\t\t\t\t\t\t\t\t<div class=\"et_pb_module et_pb_text et_pb_text_1 et_pb_text_align_left et_pb_bg_layout_light\">\n<div class=\"et_pb_text_inner\">\n<div class=\"et_pb_module et_pb_text et_pb_text_10 et_pb_text_align_left et_pb_bg_layout_light\">\n<div class=\"et_pb_text_inner\">\n<p>\u00bfBusca un aire acondicionado de alquiler para sus vacaciones en la Costa Brava? No busque m\u00e1s. Ofrecemos aparatos de aire acondicionado de alta calidad para que disfrute de unas vacaciones agradables y confortables.<\/p>\n<p>Con nuestros aparatos de aire acondicionado, podr\u00e1 disfrutar de temperaturas m\u00e1s frescas durante los calurosos d\u00edas de verano en la Costa Brava. Nuestras unidades son fiables, energ\u00e9ticamente eficientes y f\u00e1ciles de manejar. <\/p>\n<div class=\"group w-full text-gray-800 dark:text-gray-100 border-b border-black\/10 dark:border-gray-900\/50 bg-gray-50 dark:bg-[#444654]\">\n<div class=\"text-base gap-4 md:gap-6 md:max-w-2xl lg:max-w-xl xl:max-w-3xl p-4 md:py-6 flex lg:px-0 m-auto\">\n<div class=\"relative flex w-[calc(100%-50px)] flex-col gap-1 md:gap-3 lg:w-[calc(100%-115px)]\">\n<div class=\"flex flex-grow flex-col gap-3\">\n<div class=\"min-h-[20px] flex flex-col items-start gap-4 whitespace-pre-wrap\">\n<div class=\"markdown prose w-full break-words dark:prose-invert light\">\n<p>\u00bfPor qu\u00e9 sufrir el calor durante sus vacaciones en la Costa Brava? Alquile ahora nuestros aparatos de aire acondicionado y disfrute de unas vacaciones c\u00f3modas y relajantes. <span style=\"text-decoration: underline;\"><span style=\"color: #ffffff; text-decoration: underline;\"><a style=\"color: #ffffff; text-decoration: underline;\" href=\"https:\/\/caravanstalling-spanje.com\/es\/contacto\/\">P\u00f3ngase en contacto con nosotros<\/a><\/span><\/span> hoy mismo para obtener m\u00e1s informaci\u00f3n sobre nuestro servicio de alquiler de aire acondicionado.<\/p>\n<\/div>\n<\/div>\n<\/div>\n<div class=\"flex justify-between lg:block\">\n<div class=\"text-gray-400 flex self-end lg:self-center justify-center mt-2 gap-2 md:gap-3 lg:gap-1 lg:absolute lg:top-0 lg:translate-x-full lg:right-0 lg:mt-0 lg:pl-2 visible\"> <\/div>\n<\/div>\n<\/div>\n<\/div>\n<\/div>\n<\/div>\n<\/div>\n<\/div>\n<\/div>\n\t\t\t\t\t\t\t\t<\/div>\n\t\t\t\t<\/div>\n\t\t\t\t\t<\/div>\n\t\t<\/div>\n\t\t\t\t<div class=\"elementor-column elementor-col-50 elementor-top-column elementor-element elementor-element-2279658\" data-id=\"2279658\" data-element_type=\"column\" data-e-type=\"column\">\n\t\t\t<div class=\"elementor-widget-wrap elementor-element-populated\">\n\t\t\t\t\t\t<div class=\"elementor-element elementor-element-8696713 elementor-widget elementor-widget-image\" data-id=\"8696713\" data-element_type=\"widget\" data-e-type=\"widget\" data-widget_type=\"image.default\">\n\t\t\t\t<div class=\"elementor-widget-container\">\n\t\t\t\t\t\t\t\t\t\t\t\t\t\t\t<img decoding=\"async\" width=\"350\" height=\"350\" src=\"https:\/\/caravanstalling-spanje.com\/wp-content\/uploads\/2023\/04\/WhatsApp_Image_2023-04-23_at_08.01.52-removebg-preview.png\" class=\"attachment-large size-large wp-image-1972\" alt=\"\" srcset=\"https:\/\/caravanstalling-spanje.com\/wp-content\/uploads\/2023\/04\/WhatsApp_Image_2023-04-23_at_08.01.52-removebg-preview.png 350w, https:\/\/caravanstalling-spanje.com\/wp-content\/uploads\/2023\/04\/WhatsApp_Image_2023-04-23_at_08.01.52-removebg-preview-300x300.png 300w, https:\/\/caravanstalling-spanje.com\/wp-content\/uploads\/2023\/04\/WhatsApp_Image_2023-04-23_at_08.01.52-removebg-preview-100x100.png 100w, https:\/\/caravanstalling-spanje.com\/wp-content\/uploads\/2023\/04\/WhatsApp_Image_2023-04-23_at_08.01.52-removebg-preview-150x150.png 150w\" sizes=\"(max-width: 350px) 100vw, 350px\" \/>\t\t\t\t\t\t\t\t\t\t\t\t\t\t\t<\/div>\n\t\t\t\t<\/div>\n\t\t\t\t\t<\/div>\n\t\t<\/div>\n\t\t\t\t\t<\/div>\n\t\t<\/section>\n\t\t\t\t<\/div>\n\t\t","protected":false},"excerpt":{"rendered":"<p>Alquiler \u00bfQu\u00e9 puede alquilar con nosotros? Ciclismo Descubra Catalu\u00f1a con uno de los veh\u00edculos de dos ruedas de Caravan Storage Spain Frigor\u00edficos Para refrescarse durante sus vacaciones en la Costa Brava Aire acondicionado Para respirar aire fresco durante su estancia con las altas temperaturas espa\u00f1olas Alquiler de bicicletas Costa Brava Si busca una forma divertida [&hellip;]<\/p>\n","protected":false},"author":2,"featured_media":0,"parent":0,"menu_order":0,"comment_status":"closed","ping_status":"closed","template":"","meta":{"_acf_changed":false,"footnotes":""},"class_list":["post-1806","page","type-page","status-publish","hentry"],"acf":[],"_links":{"self":[{"href":"https:\/\/caravanstalling-spanje.com\/es\/wp-json\/wp\/v2\/pages\/1806","targetHints":{"allow":["GET"]}}],"collection":[{"href":"https:\/\/caravanstalling-spanje.com\/es\/wp-json\/wp\/v2\/pages"}],"about":[{"href":"https:\/\/caravanstalling-spanje.com\/es\/wp-json\/wp\/v2\/types\/page"}],"author":[{"embeddable":true,"href":"https:\/\/caravanstalling-spanje.com\/es\/wp-json\/wp\/v2\/users\/2"}],"replies":[{"embeddable":true,"href":"https:\/\/caravanstalling-spanje.com\/es\/wp-json\/wp\/v2\/comments?post=1806"}],"version-history":[{"count":0,"href":"https:\/\/caravanstalling-spanje.com\/es\/wp-json\/wp\/v2\/pages\/1806\/revisions"}],"wp:attachment":[{"href":"https:\/\/caravanstalling-spanje.com\/es\/wp-json\/wp\/v2\/media?parent=1806"}],"curies":[{"name":"wp","href":"https:\/\/api.w.org\/{rel}","templated":true}]}}